{"id":10051,"date":"2021-02-07T18:51:40","date_gmt":"2021-02-07T18:51:40","guid":{"rendered":"http:\/\/www.jirikuhnweddings.cz\/?page_id=10051"},"modified":"2025-06-30T21:30:48","modified_gmt":"2025-06-30T21:30:48","slug":"svatebni_fotograf_ostrava","status":"publish","type":"page","link":"https:\/\/www.jirikuhnweddings.cz\/","title":{"rendered":"Svatebn\u00ed fotograf Ostrava"},"content":{"rendered":"<div class=\"wpb-content-wrapper\"><p>[vc_row full_width=&#8220;stretch_row_content_no_spaces&#8220; full_height=&#8220;yes&#8220;][vc_column][\/vc_column][\/vc_row][vc_row full_width=&#8220;stretch_row_content_no_spaces&#8220; css=&#8220;.vc_custom_1749452693072{padding-right: 3% !important;padding-left: 3% !important;}&#8220;][vc_column][vc_column_text css=&#8220;.vc_custom_1612718691516{padding-top: 32px !important;padding-bottom: 32px !important;}&#8220;]<\/p>\n<h1 style=\"text-align: center;\">Svatebn\u00ed fotograf Ostrava<\/h1>\n<p>[\/vc_column_text][vc_column_text css=&#8220;.vc_custom_1613033838037{padding-top: 16px !important;padding-bottom: 16px !important;}&#8220;]<\/p>\n<h2 class=\"title fade-up transition-0 animation\" style=\"text-align: center;\"><a title=\"Portfolio\" href=\"http:\/\/www.jirikuhnweddings.cz\/index.php\/svatebni-fotograf-ostrava-portfolio\/\">Vytv\u00e1\u0159\u00edm vzpom\u00ednky na \u0161\u0165astn\u00e9 p\u0159\u00edb\u011bhy Va\u0161eho \u017eivota.<\/a><\/h2>\n<p>[\/vc_column_text][wiso_headings style=&#8220;text_link&#8220; button=&#8220;target:_blank&#8220;][vc_btn title=&#8220;Napi\u0161te mi!&#8220; style=&#8220;classic&#8220; shape=&#8220;square&#8220; color=&#8220;black&#8220; align=&#8220;center&#8220; i_icon_fontawesome=&#8220;far fa-envelope&#8220; css=&#8220;.vc_custom_1612724652124{padding-top: 16px !important;padding-bottom: 16px !important;}&#8220; add_icon=&#8220;true&#8220; link=&#8220;url:http%3A%2F%2Fwww.jirikuhnweddings.cz%2Findex.php%2Fkontakty%2F|target:_blank&#8220;][vc_column_text css=&#8220;.vc_custom_1613033851571{padding-top: 16px !important;padding-bottom: 16px !important;}&#8220;]<\/p>\n<h2 style=\"text-align: center;\"><a title=\"Klientsk\u00e9 svatby\" href=\"http:\/\/www.jirikuhnweddings.cz\/index.php\/svatebni-fotograf-ostrava-klientske-svatby\/\">Nejnov\u011bj\u0161\u00ed klientsk\u00e9 svatby<\/a><\/h2>\n<p>[\/vc_column_text][wiso_headings style=&#8220;text_link&#8220;][vc_masonry_grid post_type=&#8220;post&#8220; max_items=&#8220;-1&#8243; gap=&#8220;15&#8243; css=&#8220;&#8220; grid_id=&#8220;vc_gid:1751319017966-39f2e2aa-5206-1&#8243; taxonomies=&#8220;163&#8243;][vc_empty_space][\/vc_column][\/vc_row][vc_row][vc_column][vc_separator border_width=&#8220;2&#8243; el_width=&#8220;90&#8243; css=&#8220;.vc_custom_1612725024829{margin-top: 16px !important;}&#8220;][vc_column_text css=&#8220;.vc_custom_1613033865085{padding-top: 16px !important;padding-bottom: 16px !important;}&#8220;]<\/p>\n<h2 style=\"text-align: center;\"><a href=\"https:\/\/www.jirikuhnweddings.cz\/index.php\/svatebni-fotograf-ostrava-sluzby\/\">Nab\u00eddka slu\u017eeb<\/a><\/h2>\n<p>[\/vc_column_text][vc_column_text css=&#8220;.vc_custom_1626679393760{padding-top: 16px !important;padding-bottom: 16px !important;}&#8220;]<\/p>\n<h2 style=\"text-align: center;\">Jak\u00e9 slu\u017eby v\u00e1m mohu jako svatebn\u00ed fotograf nab\u00eddnout?<\/h2>\n<p>[\/vc_column_text][vc_raw_html]JTNDcCUzRSU1QnRoZV9ncmlkJTIwbmFtZSUzRCUyMk5hYmlka2ElMjBzbHV6ZWIlMjIlNUQlM0MlMkZwJTNF[\/vc_raw_html][\/vc_column][\/vc_row][vc_row full_width=&#8220;stretch_row_content_no_spaces&#8220; css=&#8220;.vc_custom_1612725292161{padding-right: 5% !important;padding-left: 5% !important;}&#8220;][vc_column][vc_separator border_width=&#8220;2&#8243; el_width=&#8220;90&#8243; css=&#8220;.vc_custom_1612725541006{margin-top: 32px !important;padding-bottom: 16px !important;}&#8220;][vc_column_text css=&#8220;.vc_custom_1612725499839{padding-top: 16px !important;padding-bottom: 16px !important;}&#8220;]<\/p>\n<h2 style=\"text-align: center;\">Recenze \u2013 Vox Populi, Vox Dei<\/h2>\n<p>[\/vc_column_text][vc_empty_space height=&#8220;24px&#8220;][vc_wp_text]<div class=\"strong-view strong-view-id-1 default wpmtst-default slider-container carousel slider-mode-horizontal slider-adaptive controls-type-sides-outside controls-style-buttons\" data-count=\"6\" data-slider-var=\"strong_slider_id_1\" data-state=\"idle\"><div class=\"strong-content wpmslider-content\"><div class=\"wpmtst-testimonial testimonial t-slide post-8915\"><div class=\"wpmtst-testimonial-inner testimonial-inner\"><div data-infinite-loop=\"true\"   class=\"wpmtst-testimonial-content testimonial-content\"><div class=\"wpmtst-testimonial-image testimonial-image\"><img loading=\"lazy\" decoding=\"async\" width=\"150\" height=\"150\" src=\"https:\/\/www.jirikuhnweddings.cz\/wp-content\/uploads\/2020\/09\/Manzele_Sieberovi_100-1-150x150.jpg\" class=\"attachment-thumbnail size-thumbnail wp-post-image\" alt=\"Svatebn\u00ed fotograf Ostrava\" srcset=\"https:\/\/www.jirikuhnweddings.cz\/wp-content\/uploads\/2020\/09\/Manzele_Sieberovi_100-1-150x150.jpg 150w, https:\/\/www.jirikuhnweddings.cz\/wp-content\/uploads\/2020\/09\/Manzele_Sieberovi_100-1-300x300.jpg 300w, https:\/\/www.jirikuhnweddings.cz\/wp-content\/uploads\/2020\/09\/Manzele_Sieberovi_100-1-100x100.jpg 100w, https:\/\/www.jirikuhnweddings.cz\/wp-content\/uploads\/2020\/09\/Manzele_Sieberovi_100-1-600x600.jpg 600w, https:\/\/www.jirikuhnweddings.cz\/wp-content\/uploads\/2020\/09\/Manzele_Sieberovi_100-1-80x80.jpg 80w, https:\/\/www.jirikuhnweddings.cz\/wp-content\/uploads\/2020\/09\/Manzele_Sieberovi_100-1-160x160.jpg 160w, https:\/\/www.jirikuhnweddings.cz\/wp-content\/uploads\/2020\/09\/Manzele_Sieberovi_100-1-75x75.jpg 75w, https:\/\/www.jirikuhnweddings.cz\/wp-content\/uploads\/2020\/09\/Manzele_Sieberovi_100-1-500x500.jpg 500w, https:\/\/www.jirikuhnweddings.cz\/wp-content\/uploads\/2020\/09\/Manzele_Sieberovi_100-1-1000x1000.jpg 1000w, https:\/\/www.jirikuhnweddings.cz\/wp-content\/uploads\/2020\/09\/Manzele_Sieberovi_100-1-60x60.jpg 60w\" sizes=\"auto, (max-width: 150px) 100vw, 150px\" \/><\/div><div class=\"maybe-clear\"><\/div><div class=\"readmore-excerpt animated \"><div style=\"display:inline;\">Nejv\u011bt\u0161\u00ed z\u00e1\u017eitek a nejkr\u00e1sn\u011bj\u0161\u00ed vzpom\u00ednky, takto bychom shrnuli v\u00fdsledek na\u0161ich v\u011bt\u0161\u00edch po\u017eadavk\u016f na svatebn\u00ed focen\u00ed. S Jirkou jsme se fotili celkem t\u0159ikr\u00e1t a byla to ta nejlep\u0161\u00ed volba, kterou jsme mohli ud\u011blat. P\u0159edsvatebn\u00ed focen\u00ed, svatebn\u00ed focen\u00ed i posvatebn\u00ed focen\u00ed prob\u011bhla podle p\u0159edstav a fotografie jsou prost\u011b fam\u00f3zn\u00ed. Jirka je profesion\u00e1l, ale hlavn\u011b skv\u011bl\u00fd \u010dlov\u011bk, kter\u00fd<\/div><div class=\"ellipsis\" style=\"display:inline;\">&hellip; <\/div><\/div><div class=\"readmore-content animated \"  id=\"more-8915\" hidden> Nejv\u011bt\u0161\u00ed z\u00e1\u017eitek a nejkr\u00e1sn\u011bj\u0161\u00ed vzpom\u00ednky, takto bychom shrnuli v\u00fdsledek na\u0161ich v\u011bt\u0161\u00edch po\u017eadavk\u016f na svatebn\u00ed focen\u00ed. S Jirkou jsme se fotili celkem t\u0159ikr\u00e1t a byla to ta nejlep\u0161\u00ed volba, kterou jsme mohli ud\u011blat. P\u0159edsvatebn\u00ed focen\u00ed, svatebn\u00ed focen\u00ed i posvatebn\u00ed focen\u00ed prob\u011bhla podle p\u0159edstav a fotografie jsou prost\u011b fam\u00f3zn\u00ed. Jirka je profesion\u00e1l, ale hlavn\u011b skv\u011bl\u00fd \u010dlov\u011bk, kter\u00fd v\u00ed, co d\u011bl\u00e1, proto nev\u00e1hejte a ur\u010dit\u011b vyu\u017eijte jeho slu\u017eeb. Rozhodn\u011b neprohloup\u00edte a hlavn\u011b si focen\u00ed u\u017eijete!<br \/>\nMil\u00fd Jirko, moc d\u011bkujeme a douf\u00e1me, \u017ee n\u00e1s je\u0161t\u011b n\u011bkdy &#8222;vycvakne\u0161&#8220;. \ud83d\ude42<br \/>\nMM\n<\/div><p><a aria-expanded=\"false\" aria-controls=\"more-8915\" role=\"button\" tabindex=\"0\" class=\"readmore readmore-toggle\"><span class=\"readmore-text\" data-more-text=\"Zobrazit v\u00edce\" data-less-text=\"Zobrazit m\u00e9n\u011b\">Zobrazit v\u00edce<span class=\"screen-reader-text\"> &#8222;Nejv\u011bt\u0161\u00ed z\u00e1\u017eitek a nejkr\u00e1sn\u011bj\u0161\u00ed vzpom\u00ednky&#8220;<\/span><\/span><\/a><\/p><\/div><div class=\"wpmtst-testimonial-field testimonial-field testimonial-name\">Marie a Martin Sieberovi<\/div><div class=\"clear\"><\/div><\/div><\/div><div class=\"wpmtst-testimonial testimonial t-slide post-7257\"><div class=\"wpmtst-testimonial-inner testimonial-inner\"><div data-infinite-loop=\"true\"   class=\"wpmtst-testimonial-content testimonial-content\"><div class=\"wpmtst-testimonial-image testimonial-image\"><img loading=\"lazy\" decoding=\"async\" width=\"150\" height=\"150\" src=\"https:\/\/www.jirikuhnweddings.cz\/wp-content\/uploads\/2019\/09\/Manzele_Jachymcakovi_svatba_277-150x150.jpg\" class=\"attachment-thumbnail size-thumbnail wp-post-image\" alt=\"Svatebn\u00ed fotograf Ostrava\" srcset=\"https:\/\/www.jirikuhnweddings.cz\/wp-content\/uploads\/2019\/09\/Manzele_Jachymcakovi_svatba_277-150x150.jpg 150w, https:\/\/www.jirikuhnweddings.cz\/wp-content\/uploads\/2019\/09\/Manzele_Jachymcakovi_svatba_277-300x300.jpg 300w, https:\/\/www.jirikuhnweddings.cz\/wp-content\/uploads\/2019\/09\/Manzele_Jachymcakovi_svatba_277-100x100.jpg 100w, https:\/\/www.jirikuhnweddings.cz\/wp-content\/uploads\/2019\/09\/Manzele_Jachymcakovi_svatba_277-600x600.jpg 600w, https:\/\/www.jirikuhnweddings.cz\/wp-content\/uploads\/2019\/09\/Manzele_Jachymcakovi_svatba_277-80x80.jpg 80w, https:\/\/www.jirikuhnweddings.cz\/wp-content\/uploads\/2019\/09\/Manzele_Jachymcakovi_svatba_277-160x160.jpg 160w, https:\/\/www.jirikuhnweddings.cz\/wp-content\/uploads\/2019\/09\/Manzele_Jachymcakovi_svatba_277-75x75.jpg 75w, https:\/\/www.jirikuhnweddings.cz\/wp-content\/uploads\/2019\/09\/Manzele_Jachymcakovi_svatba_277-500x500.jpg 500w, https:\/\/www.jirikuhnweddings.cz\/wp-content\/uploads\/2019\/09\/Manzele_Jachymcakovi_svatba_277-1000x1000.jpg 1000w, https:\/\/www.jirikuhnweddings.cz\/wp-content\/uploads\/2019\/09\/Manzele_Jachymcakovi_svatba_277-60x60.jpg 60w\" sizes=\"auto, (max-width: 150px) 100vw, 150px\" \/><\/div><div class=\"maybe-clear\"><\/div><p>Moc d\u011bkujeme fotografu Jirkovi, \u017ee s n\u00e1mi byl v n\u00e1\u0161 svatebn\u00ed den. M\u00e1me jak kr\u00e1sn\u00e9 vzpom\u00ednky ve fotk\u00e1ch tak i v z\u00e1\u017eitc\u00edch, jeliko\u017e je profesion\u00e1l ka\u017ed\u00fdm coulem se spoustou n\u00e1pad\u016f. V\u017edy na spr\u00e1vn\u00e9m m\u00edst\u011b a zastal nejen svou pr\u00e1ci sympatick\u00e9ho fotografa. Snad se je\u0161t\u011b n\u011bkdy uvid\u00edme \ud83d\ude42 D\u00edky Jirko K+M<\/p><\/div><div class=\"wpmtst-testimonial-field testimonial-field testimonial-name\">Kate\u0159ina Jachym\u010d\u00e1kov\u00e1<\/div><div class=\"clear\"><\/div><\/div><\/div><div class=\"wpmtst-testimonial testimonial t-slide post-7246\"><div class=\"wpmtst-testimonial-inner testimonial-inner\"><div data-infinite-loop=\"true\"   class=\"wpmtst-testimonial-content testimonial-content\"><div class=\"wpmtst-testimonial-image testimonial-image\"><img loading=\"lazy\" decoding=\"async\" width=\"150\" height=\"150\" src=\"https:\/\/www.jirikuhnweddings.cz\/wp-content\/uploads\/2019\/10\/Manzele_Voznicovi_svatba_188-150x150.jpg\" class=\"attachment-thumbnail size-thumbnail wp-post-image\" alt=\"Svatebn\u00ed fotograf Ostrava\" srcset=\"https:\/\/www.jirikuhnweddings.cz\/wp-content\/uploads\/2019\/10\/Manzele_Voznicovi_svatba_188-150x150.jpg 150w, https:\/\/www.jirikuhnweddings.cz\/wp-content\/uploads\/2019\/10\/Manzele_Voznicovi_svatba_188-300x300.jpg 300w, https:\/\/www.jirikuhnweddings.cz\/wp-content\/uploads\/2019\/10\/Manzele_Voznicovi_svatba_188-100x100.jpg 100w, https:\/\/www.jirikuhnweddings.cz\/wp-content\/uploads\/2019\/10\/Manzele_Voznicovi_svatba_188-600x600.jpg 600w, https:\/\/www.jirikuhnweddings.cz\/wp-content\/uploads\/2019\/10\/Manzele_Voznicovi_svatba_188-80x80.jpg 80w, https:\/\/www.jirikuhnweddings.cz\/wp-content\/uploads\/2019\/10\/Manzele_Voznicovi_svatba_188-160x160.jpg 160w, https:\/\/www.jirikuhnweddings.cz\/wp-content\/uploads\/2019\/10\/Manzele_Voznicovi_svatba_188-75x75.jpg 75w, https:\/\/www.jirikuhnweddings.cz\/wp-content\/uploads\/2019\/10\/Manzele_Voznicovi_svatba_188-500x500.jpg 500w, https:\/\/www.jirikuhnweddings.cz\/wp-content\/uploads\/2019\/10\/Manzele_Voznicovi_svatba_188-1000x1000.jpg 1000w, https:\/\/www.jirikuhnweddings.cz\/wp-content\/uploads\/2019\/10\/Manzele_Voznicovi_svatba_188-60x60.jpg 60w\" sizes=\"auto, (max-width: 150px) 100vw, 150px\" \/><\/div><div class=\"maybe-clear\"><\/div><div class=\"readmore-excerpt animated \"><div style=\"display:inline;\">S prac\u00ed pana Kuhna jsme byli maxim\u00e1ln\u011b spokojeni. Jeho vl\u00eddn\u00fd a p\u0159\u00e1telsk\u00fd p\u0159\u00edstup dodal cel\u00e9mu focen\u00ed velmi p\u0159\u00edjemnou atmosf\u00e9ru. Nejen, \u017ee d\u00edky jeho rad\u00e1m a n\u00e1pad\u016fm m\u00e1me n\u00e1dhern\u00e9 fotky ze spole\u010dn\u00e9ho focen\u00ed, ale nav\u00edc m\u00e1me mnoho dokonal\u00fdch momentek z pr\u016fb\u011bhu cel\u00e9ho dne, kter\u00e9 n\u00e1dhern\u011b dopl\u0148uj\u00ed cele svatebn\u00ed album. Slu\u017eby pana Kuhna m\u016f\u017eeme s klidn\u00fdm srdcem<\/div><div class=\"ellipsis\" style=\"display:inline;\">&hellip; <\/div><\/div><div class=\"readmore-content animated \"  id=\"more-7246\" hidden> S prac\u00ed pana Kuhna jsme byli maxim\u00e1ln\u011b spokojeni. Jeho vl\u00eddn\u00fd a p\u0159\u00e1telsk\u00fd p\u0159\u00edstup dodal cel\u00e9mu focen\u00ed velmi p\u0159\u00edjemnou atmosf\u00e9ru. Nejen, \u017ee d\u00edky jeho rad\u00e1m a n\u00e1pad\u016fm m\u00e1me n\u00e1dhern\u00e9 fotky ze spole\u010dn\u00e9ho focen\u00ed, ale nav\u00edc m\u00e1me mnoho dokonal\u00fdch momentek z pr\u016fb\u011bhu cel\u00e9ho dne, kter\u00e9 n\u00e1dhern\u011b dopl\u0148uj\u00ed cele svatebn\u00ed album.<br \/>\nSlu\u017eby pana Kuhna m\u016f\u017eeme s klidn\u00fdm srdcem a nad\u0161en\u00edm doporu\u010dit.<br \/>\nJe\u0161t\u011b jednou mockr\u00e1t d\u011bkujeme.\n<\/div><p><a aria-expanded=\"false\" aria-controls=\"more-7246\" role=\"button\" tabindex=\"0\" class=\"readmore readmore-toggle\"><span class=\"readmore-text\" data-more-text=\"Zobrazit v\u00edce\" data-less-text=\"Zobrazit m\u00e9n\u011b\">Zobrazit v\u00edce<span class=\"screen-reader-text\"> &#8222;S prac\u00ed pana Kuhna jsme byli maxim\u00e1ln\u011b spokojeni&#8220;<\/span><\/span><\/a><\/p><\/div><div class=\"wpmtst-testimonial-field testimonial-field testimonial-name\">Voznicovi<\/div><div class=\"clear\"><\/div><\/div><\/div><div class=\"wpmtst-testimonial testimonial t-slide post-6998\"><div class=\"wpmtst-testimonial-inner testimonial-inner\"><div data-infinite-loop=\"true\"   class=\"wpmtst-testimonial-content testimonial-content\"><div class=\"wpmtst-testimonial-image testimonial-image\"><img loading=\"lazy\" decoding=\"async\" width=\"150\" height=\"150\" src=\"https:\/\/www.jirikuhnweddings.cz\/wp-content\/uploads\/2019\/09\/DSC7114-150x150.jpg\" class=\"attachment-thumbnail size-thumbnail wp-post-image\" alt=\"Svatebn\u00ed fotograf Ostrava\" srcset=\"https:\/\/www.jirikuhnweddings.cz\/wp-content\/uploads\/2019\/09\/DSC7114-150x150.jpg 150w, https:\/\/www.jirikuhnweddings.cz\/wp-content\/uploads\/2019\/09\/DSC7114-300x300.jpg 300w, https:\/\/www.jirikuhnweddings.cz\/wp-content\/uploads\/2019\/09\/DSC7114-100x100.jpg 100w, https:\/\/www.jirikuhnweddings.cz\/wp-content\/uploads\/2019\/09\/DSC7114-600x600.jpg 600w, https:\/\/www.jirikuhnweddings.cz\/wp-content\/uploads\/2019\/09\/DSC7114-80x80.jpg 80w, https:\/\/www.jirikuhnweddings.cz\/wp-content\/uploads\/2019\/09\/DSC7114-160x160.jpg 160w, https:\/\/www.jirikuhnweddings.cz\/wp-content\/uploads\/2019\/09\/DSC7114-75x75.jpg 75w, https:\/\/www.jirikuhnweddings.cz\/wp-content\/uploads\/2019\/09\/DSC7114-500x500.jpg 500w, https:\/\/www.jirikuhnweddings.cz\/wp-content\/uploads\/2019\/09\/DSC7114-1000x1000.jpg 1000w, https:\/\/www.jirikuhnweddings.cz\/wp-content\/uploads\/2019\/09\/DSC7114-60x60.jpg 60w\" sizes=\"auto, (max-width: 150px) 100vw, 150px\" \/><\/div><div class=\"maybe-clear\"><\/div><p>T\u00edmto bysme cht\u011bli pod\u011bkovat jednomu \u00fa\u017easn\u00e9mu \u010dlov\u00ed\u010dkovi, kter\u00fd zdokumentoval n\u00e1\u0161 svatebn\u00ed den. Moc d\u011bkujeme za n\u00e1dhern\u00e9 fotky a video, d\u00edky kter\u00fdm m\u016f\u017eeme vzpom\u00ednat na nejb\u00e1je\u010dn\u011bj\u0161\u00ed den v na\u0161em \u017eivot\u011b. V\u017edy kdy\u017e se mn\u011b n\u011bkdo zept\u00e1 na to, jak\u00fd byl fotograf, dostane stoprocentn\u011b kladnou recenzi. Je\u0161t\u011b jednou velk\u00e9 D\u00cdKY!!! Novoman\u017eel\u00e9 Kepkovi<\/p><\/div><div class=\"wpmtst-testimonial-field testimonial-field testimonial-name\">Man\u017eel\u00e9 Kepkovi<\/div><div class=\"clear\"><\/div><\/div><\/div><div class=\"wpmtst-testimonial testimonial t-slide post-6809\"><div class=\"wpmtst-testimonial-inner testimonial-inner\"><div data-infinite-loop=\"true\"   class=\"wpmtst-testimonial-content testimonial-content\"><div class=\"wpmtst-testimonial-image testimonial-image\"><img loading=\"lazy\" decoding=\"async\" width=\"150\" height=\"150\" src=\"https:\/\/www.jirikuhnweddings.cz\/wp-content\/uploads\/2018\/05\/Manzele_Lacovi_svatba_273-150x150.jpg\" class=\"attachment-thumbnail size-thumbnail wp-post-image\" alt=\"Svatebn\u00ed fotograf Ostrava\" srcset=\"https:\/\/www.jirikuhnweddings.cz\/wp-content\/uploads\/2018\/05\/Manzele_Lacovi_svatba_273-150x150.jpg 150w, https:\/\/www.jirikuhnweddings.cz\/wp-content\/uploads\/2018\/05\/Manzele_Lacovi_svatba_273-300x300.jpg 300w, https:\/\/www.jirikuhnweddings.cz\/wp-content\/uploads\/2018\/05\/Manzele_Lacovi_svatba_273-100x100.jpg 100w, https:\/\/www.jirikuhnweddings.cz\/wp-content\/uploads\/2018\/05\/Manzele_Lacovi_svatba_273-60x60.jpg 60w\" sizes=\"auto, (max-width: 150px) 100vw, 150px\" \/><\/div><div class=\"maybe-clear\"><\/div><p>Moc d\u011bkujeme za pohodovou spolupr\u00e1ci a par\u00e1dn\u00ed fotky (a rychl\u00e9!!), jsou opravdu kr\u00e1sn\u00e9. K n\u011bkter\u00fdm ani po\u0159\u00e1dn\u011b nev\u00edm, jak jste p\u0159i\u0161el \ud83d\ude00<\/p><\/div><div class=\"wpmtst-testimonial-field testimonial-field testimonial-name\">Veronika L.<\/div><div class=\"clear\"><\/div><\/div><\/div><div class=\"wpmtst-testimonial testimonial t-slide post-6793\"><div class=\"wpmtst-testimonial-inner testimonial-inner\"><div data-infinite-loop=\"true\"   class=\"wpmtst-testimonial-content testimonial-content\"><div class=\"wpmtst-testimonial-image testimonial-image\"><img loading=\"lazy\" decoding=\"async\" width=\"150\" height=\"150\" src=\"https:\/\/www.jirikuhnweddings.cz\/wp-content\/uploads\/2018\/02\/DSC9328-150x150.jpg\" class=\"attachment-thumbnail size-thumbnail wp-post-image\" alt=\"Svatebn\u00ed fotograf Ostrava\" srcset=\"https:\/\/www.jirikuhnweddings.cz\/wp-content\/uploads\/2018\/02\/DSC9328-150x150.jpg 150w, https:\/\/www.jirikuhnweddings.cz\/wp-content\/uploads\/2018\/02\/DSC9328-300x300.jpg 300w, https:\/\/www.jirikuhnweddings.cz\/wp-content\/uploads\/2018\/02\/DSC9328-100x100.jpg 100w, https:\/\/www.jirikuhnweddings.cz\/wp-content\/uploads\/2018\/02\/DSC9328-600x600.jpg 600w\" sizes=\"auto, (max-width: 150px) 100vw, 150px\" \/><\/div><div class=\"maybe-clear\"><\/div><div class=\"readmore-excerpt animated \"><div style=\"display:inline;\">Jirka Kuhn n\u00e1m fotil svatbu. Jeho p\u0159\u00edstup byl citliv\u00fd a otev\u0159en\u00fd. Z\u00e1rove\u0148 m\u011bl tak\u00e9 spoustu n\u00e1pad\u016f a dob\u0159e m\u00ed\u0159en\u00fdmi pokyny tak vznikly kr\u00e1sn\u00e9 fotky. Po n\u00e1sledn\u00e9 \u00faprav\u011b pak fotky z\u00edskaly dal\u0161\u00ed rozm\u011br. Od brzk\u00e9ho r\u00e1na a\u017e do pozdn\u00edch ve\u010dern\u00edch hodin byl k dispozici a trp\u011bliv\u011b fotil. M\u00e1me tak kr\u00e1snou pam\u00e1tku v podob\u011b kvalitn\u00edho alba. Jsme<\/div><div class=\"ellipsis\" style=\"display:inline;\">&hellip; <\/div><\/div><div class=\"readmore-content animated \"  id=\"more-6793\" hidden> Jirka Kuhn n\u00e1m fotil svatbu. Jeho p\u0159\u00edstup byl citliv\u00fd a otev\u0159en\u00fd. Z\u00e1rove\u0148 m\u011bl tak\u00e9 spoustu n\u00e1pad\u016f a dob\u0159e m\u00ed\u0159en\u00fdmi pokyny tak vznikly kr\u00e1sn\u00e9 fotky. Po n\u00e1sledn\u00e9 \u00faprav\u011b pak fotky z\u00edskaly dal\u0161\u00ed rozm\u011br. Od brzk\u00e9ho r\u00e1na a\u017e do pozdn\u00edch ve\u010dern\u00edch hodin byl k dispozici a trp\u011bliv\u011b fotil. M\u00e1me tak kr\u00e1snou pam\u00e1tku v podob\u011b kvalitn\u00edho alba. Jsme maxim\u00e1ln\u011b spokojen\u00ed, m\u016f\u017eeme jen doporu\u010dit!\n<\/div><p><a aria-expanded=\"false\" aria-controls=\"more-6793\" role=\"button\" tabindex=\"0\" class=\"readmore readmore-toggle\"><span class=\"readmore-text\" data-more-text=\"Zobrazit v\u00edce\" data-less-text=\"Zobrazit m\u00e9n\u011b\">Zobrazit v\u00edce<span class=\"screen-reader-text\"> &#8222;Hore\u010dka letn\u00edho dne&#8220;<\/span><\/span><\/a><\/p><\/div><div class=\"wpmtst-testimonial-field testimonial-field testimonial-name\">Ond\u0159ej K.<\/div><div class=\"clear\"><\/div><\/div><\/div><\/div><\/div>[\/vc_wp_text][vc_separator border_width=\"2\" el_width=\"90\" css=\".vc_custom_1612725977085{padding-top: 24px !important;padding-bottom: 24px !important;}\"][\/vc_column][\/vc_row][vc_row full_width=\"stretch_row_content_no_spaces\"][vc_column][wiso_banner style_banner=\"modern\" height=\"medium_banner\" style=\"center_content\" btn_style=\"a-btn-2\" overlay=\"yes\" title=\"R\u00e1di byste si prohl\u00e9dli v\u00edce m\u00fdch sn\u00edmk\u016f?\" text=\"V\u00fdb\u011br nejlep\u0161\u00edch sn\u00edmk\u016f, kter\u00e9 jsem jako svatebn\u00ed fotograf zachytil, najdete v m\u00e9m portfoliu!\" button=\"url:http%3A%2F%2Fwww.jirikuhnweddings.cz%2Findex.php%2Fsvatebni-fotograf-ostrava-portfolio%2F|title:Zobrazit%20portfolio%20svatebn%C3%ADch%20sn%C3%ADmk%C5%AF\" image=\"9891\"][vc_empty_space height=\"16px\"][vc_separator border_width=\"2\" el_width=\"90\" css=\".vc_custom_1612725977085{padding-top: 24px !important;padding-bottom: 24px !important;}\"][\/vc_column][\/vc_row][vc_row full_width=\"stretch_row_content_no_spaces\" css=\".vc_custom_1612726365030{padding-right: 5% !important;padding-left: 5% !important;}\"][vc_column][vc_column_text css=\".vc_custom_1612726021798{padding-top: 16px !important;padding-bottom: 16px !important;}\"]<\/p>\n<h2 style=\"text-align: center;\">Principy<\/h2>\n<p>[\/vc_column_text][vc_column_text css=\".vc_custom_1612726441509{padding-top: 24px !important;padding-bottom: 24px !important;}\"]<\/p>\n<h6 style=\"text-align: center;\">Pt\u00e1te se, co vlastn\u011b od m\u00fdch slu\u017eeb svatebn\u00edho fotografa o\u010dek\u00e1vat? \u010c\u00edm se \u0159\u00edd\u00edm a co je pro m\u011b d\u016fle\u017eit\u00e9?<\/h6>\n<p>[\/vc_column_text][wiso_services style=\"tile\" items_tile=\"%5B%7B%22icon%22%3A%22icon-arrow-1-circle-down%22%2C%22title%22%3A%22Pracovitost%22%2C%22subtitle%22%3A%22%E2%80%9EDocela%20dobr%C3%A9%E2%80%9C%20ve%20sv%C3%A9m%20slovn%C3%ADku%20nem%C3%A1m.%22%2C%22text%22%3A%22Jako%20svatebn%C3%AD%20fotograf%20p%C5%AFsob%C3%ADm%20v%20regionu%20Ostravy%2C%20Opavy%20a%20po%20cel%C3%A9m%20Moravskoslezsk%C3%A9m%20kraji.%20Jsem%20p%C5%99esv%C4%9Bd%C4%8Den%C3%BD%2C%20%C5%BEe%20jen%20poctivou%20prac%C3%AD%20je%20mo%C5%BEn%C3%A9%20dos%C3%A1hnout%20n%C4%9B%C4%8Deho%20trval%C3%A9ho%2C%20co%20po%20dlouh%C3%A9%20roky%20umo%C5%BEn%C3%AD%20klientovi%20a%20spole%C4%8Dnosti%20vracet%20se%20ke%20%C5%A1%C5%A5astn%C3%BDm%20chv%C3%ADl%C3%ADm%2C%20kter%C3%A9%20pro%C5%BEil%20a%20pro%C5%BE%C3%ADv%C3%A1%2C%20a%20vyu%C5%BE%C3%ADt%20tyto%20z%C3%A1%C5%BEitky%20k%20vytv%C3%A1%C5%99en%C3%AD%20nov%C3%BDch%20hodnot%20i%20k%20p%C5%99ekon%C3%A1n%C3%AD%20t%C4%9B%C5%BEkost%C3%AD%20b%C4%9B%C5%BEn%C3%A9ho%20dne.%20V%C4%9B%C5%99%C3%ADm%2C%20%C5%BEe%20tak%20jako%20most%20mus%C3%AD%20m%C3%ADt%20pevn%C3%A9%20pil%C3%AD%C5%99e%2C%20aby%20p%C5%99e%C4%8Dkal%20stalet%C3%AD%2C%20tak%20i%20moje%20tvorba%20mus%C3%AD%20st%C3%A1t%20na%20pevn%C3%A9m%20z%C3%A1kladu%20%C5%99emesln%C4%9B%20zru%C4%8Dn%C3%A9%20a%20poctiv%C3%A9%20pr%C3%A1ce.%22%2C%22image%22%3A%229364%22%7D%2C%7B%22icon%22%3A%22icon-arrow-1-circle-down%22%2C%22title%22%3A%22Posedlost%20klientem%22%2C%22subtitle%22%3A%22Svatebn%C3%AD%20fotograf%20se%20na%20kr%C3%A1tk%C3%BD%20%C4%8Das%20st%C3%A1v%C3%A1%20%C4%8Dlenem%20klientovy%20rodiny.%22%2C%22text%22%3A%22Od%20prvn%C3%ADho%20kontaktu%20v%20r%C3%A1mci%20p%C5%99edsvatebn%C3%AD%20konzultace%20a%C5%BE%20po%20posledn%C3%AD%20stisk%20ruky%20p%C5%99i%20p%C5%99ed%C3%A1n%C3%AD%20v%C3%BDsledn%C3%A9ho%20souboru%20svatebn%C3%ADch%20fotografi%C3%AD%20a%20svatebn%C3%AD%20fotoknihy%2C%20se%20otev%C5%99enou%20a%20up%C5%99%C3%ADmnou%20komunikac%C3%AD%20sna%C5%BE%C3%ADm%20porozum%C4%9Bt%20klientov%C3%BDm%20pot%C5%99eb%C3%A1m%20a%20tu%C5%BEb%C3%A1m.%20Jsem%20si%20v%C4%9Bdom%20toho%2C%20%C5%BEe%20se%20jako%20svatebn%C3%AD%20fotograf%20v%20pr%C5%AFb%C4%9Bhu%20svatby%20po%20kr%C3%A1tkou%20dobu%20st%C3%A1v%C3%A1m%20sou%C4%8D%C3%A1st%C3%AD%20klientova%20%C5%BEivota%20a%20rodiny.%20Jsem%20doslova%20posedl%C3%BD%20spokojenost%C3%AD%20klienta%2C%20proto%C5%BEe%20schopnost%20porozum%C4%9Bn%C3%AD%20jeho%20c%C3%ADl%C5%AFm%20mi%20umo%C5%BE%C5%88uje%20neust%C3%A1le%20pracovat%20na%20zlep%C5%A1ov%C3%A1n%C3%AD%20m%C3%BDch%20slu%C5%BEeb.%22%2C%22image%22%3A%229363%22%7D%2C%7B%22icon%22%3A%22icon-arrow-1-circle-down%22%2C%22title%22%3A%22V%C4%9B%C5%99%C3%ADm%20v%20laskavost%2C%20porozum%C4%9Bn%C3%AD%20a%20respekt%22%2C%22subtitle%22%3A%22%E2%80%9ENa%C5%A1e%20%C5%BEivoty%20nejsou%20na%C5%A1e.%20Jsem%20spojeni%20s%20ostatn%C3%ADmi%2C%20sou%C4%8Dasn%C3%BDmi%20i%20minul%C3%BDmi.%20Ka%C5%BEd%C3%BDm%20na%C5%A1im%20zlo%C4%8Dinem%20a%20ka%C5%BEdou%20na%C5%A1%C3%AD%20laskavost%C3%AD%20se%20rod%C3%AD%20na%C5%A1e%20budoucnost.%E2%80%9C%22%2C%22text%22%3A%22V%C4%9B%C5%99%C3%ADm%2C%20%C5%BEe%20z%C3%A1kladn%C3%ADm%20principem%20vz%C3%A1jemn%C3%A9ho%20p%C5%99%C3%ADstupu%20lidsk%C3%BDch%20bytost%C3%AD%2C%20je%20snaha%20o%20porozum%C4%9Bn%C3%AD%20jejich%20pohnutk%C3%A1m%20a%20d%C5%AFvod%C5%AFm.%20Jsem%20p%C5%99esv%C4%9Bd%C4%8Den%C3%BD%2C%20%C5%BEe%20skrze%20up%C5%99%C3%ADmnou%20snahu%20o%20vz%C3%A1jemn%C3%A9%20pochopen%C3%AD%20a%20porozum%C4%9Bn%C3%AD%20je%20mo%C5%BEn%C3%A9%20dos%C3%A1hnout%20sebev%C4%9Bt%C5%A1%C3%ADch%20c%C3%ADl%C5%AF.%20Jsem%20si%20v%C4%9Bdom%20toho%2C%20%C5%BEe%20hranice%20ka%C5%BEd%C3%A9ho%20%C4%8Dlov%C4%9Bka%20kon%C4%8D%C3%AD%20u%20prahu%20toho%20druh%C3%A9ho%20a%20jen%20vz%C3%A1jemnou%20laskavost%C3%AD%20a%20respektem%20je%20mo%C5%BEn%C3%A9%20tyto%20hranice%20posouvat%20ku%20prosp%C4%9Bchu%20v%C5%A1ech.%20Svatebn%C3%AD%20fotograf%20se%20v%20pr%C5%AFb%C4%9Bhu%20dne%20setk%C3%A1%20s%20des%C3%ADtkami%20jedine%C4%8Dn%C3%BDch%20lid%C3%AD%2C%20maj%C3%ADc%C3%ADch%20sv%C3%A9%20osobn%C3%AD%20p%C5%99%C3%ADb%C4%9Bhy.%20P%C5%99%C3%ADb%C4%9Bhy%2C%20kter%C3%A9%20utv%C3%A1%C5%99%C3%AD%20jedine%C4%8Dnou%20atmosf%C3%A9ru%20ka%C5%BEd%C3%A9%20svatby%20spolu%20s%20p%C5%99%C3%ADb%C4%9Bhem%20nev%C4%9Bsty%20a%20%C5%BEenicha.%22%2C%22image%22%3A%229365%22%7D%2C%7B%22icon%22%3A%22icon-arrow-1-circle-down%22%2C%22title%22%3A%22Kreativita%22%2C%22subtitle%22%3A%22%5C%22Neopakovat%2C%20ale%20tvo%C5%99it.%5C%22%22%2C%22text%22%3A%22V%C3%ADm%2C%20%C5%BEe%20nejvy%C5%A1%C5%A1%C3%AD%20hodnotou%20lidsk%C3%A9%20existence%20je%20svoboda.%20V%20na%C5%A1%C3%AD%20um%C4%9Bleck%C3%A9%20rovin%C4%9B%20je%20proto%20nejvy%C5%A1%C5%A1%C3%ADm%20principem%20kreativita.%20V%20roli%20svatebn%C3%ADho%20fotografa%20se%20v%C5%BEdy%20sna%C5%BE%C3%ADm%20hledat%20a%20nach%C3%A1zet%20nov%C3%A9%20zp%C5%AFsoby%20a%20postupy%2C%20kter%C3%BDmi%20napl%C5%88uji%20jak%20klientovy%20vize%20a%20pot%C5%99eby%2C%20tak%20kter%C3%BDmi%20pln%C3%ADm%20m%C3%A9%20ka%C5%BEdodenn%C3%AD%20c%C3%ADle.%20Inspirac%C3%AD%20jsou%20jak%20d%C3%ADla%20m%C3%BDch%20vzor%C5%AF%2C%20tak%20v%C5%A1edn%C3%AD%20mali%C4%8Dkosti%2C%20kter%C3%A1%20zapaluj%C3%AD%20jiskru%20inovac%C3%AD.%22%2C%22image%22%3A%229367%22%7D%2C%7B%22icon%22%3A%22icon-arrow-1-circle-down%22%2C%22title%22%3A%22Individualita%22%2C%22subtitle%22%3A%22Rosteme%20jen%20d%C3%ADky%20p%C5%99ekon%C3%A1v%C3%A1n%C3%AD%20sebe%20sama%20a%20p%C5%99ek%C3%A1%C5%BEek%20kolem%20n%C3%A1s.%22%2C%22text%22%3A%22Proto%C5%BEe%20jedinou%20konstantou%20%C5%BEivota%20je%20zm%C4%9Bna%2C%20i%20j%C3%A1%20se%20sna%C5%BE%C3%ADme%20neust%C3%A1le%20pracovat%20na%20sv%C3%A9m%20vzd%C4%9Bl%C3%A1v%C3%A1n%C3%AD.%20Nov%C3%A9%20postupy%20a%20my%C5%A1lenky%20se%20pak%20st%C3%A1vaj%C3%AD%20pevnou%20p%C5%AFdou%20na%20cest%C4%9B%20za%20vizemi%20a%20c%C3%ADli.%20Proto%20s%20radost%C3%AD%20v%C3%ADt%C3%A1m%20ka%C5%BEdou%20p%C5%99%C3%ADle%C5%BEitost%20u%C4%8Dit%20se%20od%20t%C4%9Bch%2C%20kte%C5%99%C3%AD%20jsou%20na%20sv%C3%A9%20cest%C4%9B%20o%20krok%20p%C5%99ede%20mnou%2C%20p%C5%99esto%2C%20%C5%BEe%20sm%C4%9B%C5%99ujeme%20k%20r%C5%AFzn%C3%BDm%20c%C3%ADl%C5%AFm.%22%2C%22image%22%3A%229368%22%7D%5D\"][vc_empty_space height=\"64px\"][\/vc_column][\/vc_row]<\/p>\n<\/div>","protected":false},"excerpt":{"rendered":"<p>[vc_row full_width=&#8220;stretch_row_content_no_spaces&#8220; full_height=&#8220;yes&#8220;][vc_column][\/vc_column][\/vc_row][vc_row full_width=&#8220;stretch_row_content_no_spaces&#8220; css=&#8220;.vc_custom_1749452693072{padding-right: 3% !important;padding-left: 3% !important;}&#8220;][vc_column][vc_column_text css=&#8220;.vc_custom_1612718691516{padding-top: 32px !important;padding-bottom: 32px !important;}&#8220;] Svatebn\u00ed fotograf Ostrava [\/vc_column_text][vc_column_text css=&#8220;.vc_custom_1613033838037{padding-top: 16px !important;padding-bottom: 16px !important;}&#8220;] Vytv\u00e1\u0159\u00edm vzpom\u00ednky na \u0161\u0165astn\u00e9 p\u0159\u00edb\u011bhy Va\u0161eho \u017eivota. [\/vc_column_text][wiso_headings style=&#8220;text_link&#8220; button=&#8220;target:_blank&#8220;][vc_btn title=&#8220;Napi\u0161te mi!&#8220; style=&#8220;classic&#8220; shape=&#8220;square&#8220; color=&#8220;black&#8220; align=&#8220;center&#8220; i_icon_fontawesome=&#8220;far fa-envelope&#8220; css=&#8220;.vc_custom_1612724652124{padding-top: 16px !important;padding-bottom: 16px !important;}&#8220; add_icon=&#8220;true&#8220; link=&#8220;url:http%3A%2F%2Fwww.jirikuhnweddings.cz%2Findex.php%2Fkontakty%2F|target:_blank&#8220;][vc_column_text css=&#8220;.vc_custom_1613033851571{padding-top: 16px !important;padding-bottom: 16px !important;}&#8220;] Nejnov\u011bj\u0161\u00ed klientsk\u00e9<a href=\"https:\/\/www.jirikuhnweddings.cz\/\" class=\"readmore\">Zobrazit v\u00edce<span class=\"screen-reader-text\"> &#8222;Svatebn\u00ed fotograf Ostrava&#8220;<\/span><\/a><\/p>\n","protected":false},"author":1,"featured_media":9720,"parent":0,"menu_order":0,"comment_status":"closed","ping_status":"closed","template":"","meta":{"_exactmetrics_skip_tracking":false,"_exactmetrics_sitenote_active":false,"_exactmetrics_sitenote_note":"","_exactmetrics_sitenote_category":0,"footnotes":""},"categories":[],"tags":[],"class_list":["post-10051","page","type-page","status-publish","format-standard","has-post-thumbnail","hentry"],"aioseo_notices":[],"featured_image_src":"https:\/\/www.jirikuhnweddings.cz\/wp-content\/uploads\/2020\/12\/Svatebni-fotograf-ostrava-06-600x400.jpg","featured_image_src_square":"https:\/\/www.jirikuhnweddings.cz\/wp-content\/uploads\/2020\/12\/Svatebni-fotograf-ostrava-06-600x600.jpg","_links":{"self":[{"href":"https:\/\/www.jirikuhnweddings.cz\/index.php\/wp-json\/wp\/v2\/pages\/10051","targetHints":{"allow":["GET"]}}],"collection":[{"href":"https:\/\/www.jirikuhnweddings.cz\/index.php\/wp-json\/wp\/v2\/pages"}],"about":[{"href":"https:\/\/www.jirikuhnweddings.cz\/index.php\/wp-json\/wp\/v2\/types\/page"}],"author":[{"embeddable":true,"href":"https:\/\/www.jirikuhnweddings.cz\/index.php\/wp-json\/wp\/v2\/users\/1"}],"replies":[{"embeddable":true,"href":"https:\/\/www.jirikuhnweddings.cz\/index.php\/wp-json\/wp\/v2\/comments?post=10051"}],"version-history":[{"count":5,"href":"https:\/\/www.jirikuhnweddings.cz\/index.php\/wp-json\/wp\/v2\/pages\/10051\/revisions"}],"predecessor-version":[{"id":12673,"href":"https:\/\/www.jirikuhnweddings.cz\/index.php\/wp-json\/wp\/v2\/pages\/10051\/revisions\/12673"}],"wp:featuredmedia":[{"embeddable":true,"href":"https:\/\/www.jirikuhnweddings.cz\/index.php\/wp-json\/wp\/v2\/media\/9720"}],"wp:attachment":[{"href":"https:\/\/www.jirikuhnweddings.cz\/index.php\/wp-json\/wp\/v2\/media?parent=10051"}],"wp:term":[{"taxonomy":"category","embeddable":true,"href":"https:\/\/www.jirikuhnweddings.cz\/index.php\/wp-json\/wp\/v2\/categories?post=10051"},{"taxonomy":"post_tag","embeddable":true,"href":"https:\/\/www.jirikuhnweddings.cz\/index.php\/wp-json\/wp\/v2\/tags?post=10051"}],"curies":[{"name":"wp","href":"https:\/\/api.w.org\/{rel}","templated":true}]}}